{"id":8956,"date":"2021-03-08T17:27:55","date_gmt":"2021-03-08T16:27:55","guid":{"rendered":"https:\/\/www.pikoe.at\/organization\/"},"modified":"2026-04-01T13:27:06","modified_gmt":"2026-04-01T11:27:06","slug":"organization","status":"publish","type":"page","link":"https:\/\/www.pikoe.at\/en\/organization\/","title":{"rendered":"Organization"},"content":{"rendered":"<section class=\"l-section wpb_row us_custom_4f24afa8 height_custom color_primary with_img\"><div class=\"l-section-img\" role=\"img\" aria-label=\"Kinder- und Jugendgyn\u00e4kologie Wien \/ \u00d6sterreich; gyn\u00e4kologische Behandlung von M\u00e4dchen\" data-img-width=\"1920\" data-img-height=\"400\" style=\"background-image: url(https:\/\/www.pikoe.at\/wp-content\/uploads\/2021\/02\/pikoe-organisation-1.jpg);background-repeat: no-repeat;\"><\/div><div class=\"l-section-h i-cf\"><div class=\"g-cols vc_row via_flex valign_bottom type_default stacking_default\"><div class=\"vc_col-sm-4 wpb_column vc_column_container\"><div class=\"vc_column-inner\"><div class=\"wpb_wrapper\"><div class=\"wpb_text_column h1-auf-orange\"><div class=\"wpb_wrapper\"><h1 style=\"text-align: center;\">Organization<\/h1>\n<\/div><\/div><\/div><\/div><\/div><div class=\"vc_col-sm-4 wpb_column vc_column_container\"><div class=\"vc_column-inner\"><div class=\"wpb_wrapper\"><div class=\"w-separator size_custom\" style=\"height:22vh\"><\/div><\/div><\/div><\/div><div class=\"vc_col-sm-4 wpb_column vc_column_container\"><div class=\"vc_column-inner\"><div class=\"wpb_wrapper\"><\/div><\/div><\/div><\/div><\/div><\/section><section class=\"l-section wpb_row us_custom_f3f68ac4 height_custom\"><div class=\"l-section-h i-cf\"><div class=\"g-cols vc_row via_flex valign_top type_default stacking_default\"><div class=\"vc_col-sm-12 wpb_column vc_column_container\"><div class=\"vc_column-inner\"><div class=\"wpb_wrapper\"><div class=\"w-tabs layout_hor style_default switch_click has_scrolling\" style=\"--sections-title-size:1em\"><div class=\"w-tabs-list items_4 align_none\"><div class=\"w-tabs-list-h\"><button class=\"w-tabs-item active\" aria-controls=\"content-a9a8\" aria-expanded=\"false\"><span class=\"w-tabs-item-title\">Board<\/span><\/button><button class=\"w-tabs-item\" aria-controls=\"content-kf10\" aria-expanded=\"false\"><span class=\"w-tabs-item-title\">Expert advisory board<\/span><\/button><button class=\"w-tabs-item\" aria-controls=\"content-bde6\" aria-expanded=\"false\"><span class=\"w-tabs-item-title\">Honorary members<\/span><\/button><button class=\"w-tabs-item\" aria-controls=\"content-xdab\" aria-expanded=\"false\"><span class=\"w-tabs-item-title\">Cooperation partners<\/span><\/button><\/div><\/div><div class=\"w-tabs-sections titles-align_none icon_chevron cpos_right\"><div class=\"w-tabs-section active\" id=\"a9a8\"><button class=\"w-tabs-section-header active\" aria-controls=\"content-a9a8\" aria-expanded=\"true\"><div class=\"w-tabs-section-title\">Board<\/div><div class=\"w-tabs-section-control\"><\/div><\/button><div  class=\"w-tabs-section-content\" id=\"content-a9a8\"><div class=\"w-tabs-section-content-h i-cf\"><div class=\"g-cols wpb_row via_flex valign_top type_default stacking_default\"><div class=\"vc_col-sm-2 wpb_column vc_column_container\"><div class=\"vc_column-inner\"><div class=\"wpb_wrapper\"><div class=\"w-image align_center\"><div class=\"w-image-h\"><img decoding=\"async\" width=\"1992\" height=\"1998\" src=\"https:\/\/www.pikoe.at\/wp-content\/uploads\/2020\/10\/Portra\u0308tKathi.jpg\" class=\"attachment-full size-full\" alt=\"PIK\u00d6-Pr\u00e4sidentin Prim. Univ. Prof. Dr. Reinhold Kerbl\" loading=\"lazy\" srcset=\"https:\/\/www.pikoe.at\/wp-content\/uploads\/2020\/10\/Portra\u0308tKathi.jpg 1992w, https:\/\/www.pikoe.at\/wp-content\/uploads\/2020\/10\/Portra\u0308tKathi-150x150.jpg 150w, https:\/\/www.pikoe.at\/wp-content\/uploads\/2020\/10\/Portra\u0308tKathi-300x300.jpg 300w, https:\/\/www.pikoe.at\/wp-content\/uploads\/2020\/10\/Portra\u0308tKathi-768x770.jpg 768w, https:\/\/www.pikoe.at\/wp-content\/uploads\/2020\/10\/Portra\u0308tKathi-1021x1024.jpg 1021w, https:\/\/www.pikoe.at\/wp-content\/uploads\/2020\/10\/Portra\u0308tKathi-226x226.jpg 226w\" sizes=\"auto, (max-width: 1992px) 100vw, 1992px\" \/><\/div><\/div><\/div><\/div><\/div><div class=\"vc_col-sm-4 wpb_column vc_column_container\"><div class=\"vc_column-inner\"><div class=\"wpb_wrapper\"><div class=\"wpb_text_column\"><div class=\"wpb_wrapper\"><p style=\"text-align: right;\"><strong>President<\/strong><br \/>\n<strong>Univ.-Doz. Dr. Katharina Schuchter<\/strong><br \/>\nSpecialist in gynecology, obstetrics and<br \/>\nhuman genetics, prenatal diagnostics, head of <a href=\"https:\/\/www.med4women.at\/en\/\" target=\"_blank\" rel=\"noopener\">med4women<\/a> (Vienna)<br \/>\n<a href=\"mailto:schuchter@med4women.at\">schuchter@med4women.at<\/a><\/p>\n<\/div><\/div><\/div><\/div><\/div><div class=\"vc_col-sm-2 wpb_column vc_column_container\"><div class=\"vc_column-inner\"><div class=\"wpb_wrapper\"><div class=\"w-image align_center\"><div class=\"w-image-h\"><img decoding=\"async\" width=\"2328\" height=\"2341\" src=\"https:\/\/www.pikoe.at\/wp-content\/uploads\/2020\/10\/Portra\u0308tReinhold.jpg\" class=\"attachment-full size-full\" alt=\"PIK\u00d6-Vorstand Dr.in Micha Bitschnau MFHom\" loading=\"lazy\" srcset=\"https:\/\/www.pikoe.at\/wp-content\/uploads\/2020\/10\/Portra\u0308tReinhold.jpg 2328w, https:\/\/www.pikoe.at\/wp-content\/uploads\/2020\/10\/Portra\u0308tReinhold-150x150.jpg 150w, https:\/\/www.pikoe.at\/wp-content\/uploads\/2020\/10\/Portra\u0308tReinhold-298x300.jpg 298w, https:\/\/www.pikoe.at\/wp-content\/uploads\/2020\/10\/Portra\u0308tReinhold-768x772.jpg 768w, https:\/\/www.pikoe.at\/wp-content\/uploads\/2020\/10\/Portra\u0308tReinhold-1018x1024.jpg 1018w, https:\/\/www.pikoe.at\/wp-content\/uploads\/2020\/10\/Portra\u0308tReinhold-226x226.jpg 226w\" sizes=\"auto, (max-width: 2328px) 100vw, 2328px\" \/><\/div><\/div><\/div><\/div><\/div><div class=\"vc_col-sm-4 wpb_column vc_column_container\"><div class=\"vc_column-inner\"><div class=\"wpb_wrapper\"><div class=\"wpb_text_column\"><div class=\"wpb_wrapper\"><p style=\"text-align: right;\"><strong>Vice President<\/strong><br \/>\n<strong>Prim. Univ. Prof. Dr. Reinhold Kerbl<\/strong><br \/>\nSpecialist in pediatrics and adolescent medicine,<br \/>\nhead of the department for children and adolescents<br \/>\nat the <a href=\"http:\/\/www.lkh-hochsteiermark.at\/cms\/beitrag\/10021074\/2148654\/\" target=\"_blank\" rel=\"noopener\">State Hospital Hochsteiermark<\/a><br \/>\n(Leoben, Styria)<br \/>\n<a href=\"mailto:reinhold.kerbl@kages.at\">reinhold.kerbl@kages.at<\/a><\/p>\n<\/div><\/div><\/div><\/div><\/div><\/div><div class=\"w-separator size_medium\"><\/div><div class=\"g-cols wpb_row via_flex valign_top type_default stacking_default\"><div class=\"vc_col-sm-2 wpb_column vc_column_container\"><div class=\"vc_column-inner\"><div class=\"wpb_wrapper\"><div class=\"w-image align_center\"><div class=\"w-image-h\"><img decoding=\"async\" width=\"2368\" height=\"2373\" src=\"https:\/\/www.pikoe.at\/wp-content\/uploads\/2020\/10\/Portra\u0308tMicha.jpg\" class=\"attachment-full size-full\" alt=\"PIK\u00d6-Vorstand PD Dr. Stefan Riedl\" loading=\"lazy\" srcset=\"https:\/\/www.pikoe.at\/wp-content\/uploads\/2020\/10\/Portra\u0308tMicha.jpg 2368w, https:\/\/www.pikoe.at\/wp-content\/uploads\/2020\/10\/Portra\u0308tMicha-150x150.jpg 150w, https:\/\/www.pikoe.at\/wp-content\/uploads\/2020\/10\/Portra\u0308tMicha-300x300.jpg 300w, https:\/\/www.pikoe.at\/wp-content\/uploads\/2020\/10\/Portra\u0308tMicha-768x770.jpg 768w, https:\/\/www.pikoe.at\/wp-content\/uploads\/2020\/10\/Portra\u0308tMicha-1022x1024.jpg 1022w, https:\/\/www.pikoe.at\/wp-content\/uploads\/2020\/10\/Portra\u0308tMicha-226x226.jpg 226w\" sizes=\"auto, (max-width: 2368px) 100vw, 2368px\" \/><\/div><\/div><\/div><\/div><\/div><div class=\"vc_col-sm-4 wpb_column vc_column_container\"><div class=\"vc_column-inner\"><div class=\"wpb_wrapper\"><div class=\"wpb_text_column\"><div class=\"wpb_wrapper\"><p style=\"text-align: right;\"><strong>Secretary<\/strong><br \/>\n<strong>Dr. Micha Bitschnau MFHom<\/strong><br \/>\nSpecialist in gynecology,<br \/>\nobstetrics and homeopath<br \/>\nat the <a href=\"https:\/\/www.vienna-female-medcare.at\/en\/\" target=\"_blank\" rel=\"noopener\">D\u00f6bling Private Hospital<\/a> (Vienna)<br \/>\n<span class=\"s1\"><a href=\"mailto:micha.bitschnau@vienna-female-medcare.at\">micha.bitschnau@vienna-female-medcare.at <\/a><\/span><\/p>\n<\/div><\/div><\/div><\/div><\/div><div class=\"vc_col-sm-2 wpb_column vc_column_container\"><div class=\"vc_column-inner\"><div class=\"wpb_wrapper\"><div class=\"w-image align_center\"><div class=\"w-image-h\"><img decoding=\"async\" width=\"2344\" height=\"2349\" src=\"https:\/\/www.pikoe.at\/wp-content\/uploads\/2020\/10\/Portra\u0308tDagmar.jpg\" class=\"attachment-full size-full\" alt=\"PIK\u00d6-Vorstand\" loading=\"lazy\" srcset=\"https:\/\/www.pikoe.at\/wp-content\/uploads\/2020\/10\/Portra\u0308tDagmar.jpg 2344w, https:\/\/www.pikoe.at\/wp-content\/uploads\/2020\/10\/Portra\u0308tDagmar-150x150.jpg 150w, https:\/\/www.pikoe.at\/wp-content\/uploads\/2020\/10\/Portra\u0308tDagmar-300x300.jpg 300w, https:\/\/www.pikoe.at\/wp-content\/uploads\/2020\/10\/Portra\u0308tDagmar-768x770.jpg 768w, https:\/\/www.pikoe.at\/wp-content\/uploads\/2020\/10\/Portra\u0308tDagmar-1022x1024.jpg 1022w, https:\/\/www.pikoe.at\/wp-content\/uploads\/2020\/10\/Portra\u0308tDagmar-226x226.jpg 226w\" sizes=\"auto, (max-width: 2344px) 100vw, 2344px\" \/><\/div><\/div><\/div><\/div><\/div><div class=\"vc_col-sm-4 wpb_column vc_column_container\"><div class=\"vc_column-inner\"><div class=\"wpb_wrapper\"><div class=\"wpb_text_column\"><div class=\"wpb_wrapper\"><p style=\"text-align: right;\"><strong>Vice Secretary<\/strong><br \/>\n<strong>Univ.-Prof. Dr. Dagmar Bancher<\/strong><br \/>\nSpecialist in gynecology and obstetrics<br \/>\nat the <a href=\"http:\/\/www.gyn-vienna.at\/\" target=\"_blank\" rel=\"noopener\">D\u00f6bling Private Hospital<\/a> (Vienna) and<br \/>\nUniversity Clinic for Gynecology at the <a href=\"https:\/\/www.akhwien.at\/default.aspx?pid=171\" target=\"_blank\" rel=\"noopener\">AKH\/Medical University of Vienna<\/a><br \/>\n<a href=\"mailto:ordination.bancher@gmail.com\">ordination.bancher@gmail.com<\/a><\/p>\n<\/div><\/div><\/div><\/div><\/div><\/div><div class=\"w-separator size_medium\"><\/div><div class=\"g-cols wpb_row via_flex valign_top type_default stacking_default\"><div class=\"vc_col-sm-2 wpb_column vc_column_container\"><div class=\"vc_column-inner\"><div class=\"wpb_wrapper\"><div class=\"w-image align_center\"><div class=\"w-image-h\"><img decoding=\"async\" width=\"2240\" height=\"2237\" src=\"https:\/\/www.pikoe.at\/wp-content\/uploads\/2020\/10\/Portra\u0308tSigrid.jpg\" class=\"attachment-full size-full\" alt=\"PIK\u00d6-Vorstand Dr. Sigrid Schmidl-Amann\" loading=\"lazy\" srcset=\"https:\/\/www.pikoe.at\/wp-content\/uploads\/2020\/10\/Portra\u0308tSigrid.jpg 2240w, https:\/\/www.pikoe.at\/wp-content\/uploads\/2020\/10\/Portra\u0308tSigrid-150x150.jpg 150w, https:\/\/www.pikoe.at\/wp-content\/uploads\/2020\/10\/Portra\u0308tSigrid-300x300.jpg 300w, https:\/\/www.pikoe.at\/wp-content\/uploads\/2020\/10\/Portra\u0308tSigrid-768x767.jpg 768w, https:\/\/www.pikoe.at\/wp-content\/uploads\/2020\/10\/Portra\u0308tSigrid-1024x1024.jpg 1024w, https:\/\/www.pikoe.at\/wp-content\/uploads\/2020\/10\/Portra\u0308tSigrid-226x226.jpg 226w\" sizes=\"auto, (max-width: 2240px) 100vw, 2240px\" \/><\/div><\/div><\/div><\/div><\/div><div class=\"vc_col-sm-4 wpb_column vc_column_container\"><div class=\"vc_column-inner\"><div class=\"wpb_wrapper\"><div class=\"wpb_text_column\"><div class=\"wpb_wrapper\"><p style=\"text-align: right;\"><strong>Treasurer<br \/>\n<\/strong><span class=\"team-meta_item position\"><strong>Dr. Sigrid Schmidl-Amann<\/strong><br \/>\n<\/span>Specialist in gynecology and obstetrics,<br \/>\n<a href=\"https:\/\/www.schmidl-amann.at\/\" target=\"_blank\" rel=\"noopener\">private practice<\/a> (St. P\u00f6lten, Lower Austria), court-certified expert,<br \/>\npresident of the \u201c<a href=\"https:\/\/www.die-moewe.at\/de\/ueber-uns#anpar3\" target=\"_blank\" rel=\"noopener\">Die M\u00f6we<\/a>\u201d association<br \/>\n<a href=\"mailto:kontakt@dr-schmidl-amann.at\">kontakt@dr-schmidl-amann.at<\/a><\/p>\n<\/div><\/div><\/div><\/div><\/div><div class=\"vc_col-sm-2 wpb_column vc_column_container\"><div class=\"vc_column-inner\"><div class=\"wpb_wrapper\"><div class=\"w-image align_center\"><div class=\"w-image-h\"><img decoding=\"async\" width=\"2392\" height=\"2389\" src=\"https:\/\/www.pikoe.at\/wp-content\/uploads\/2020\/10\/Portra\u0308tStefan.jpg\" class=\"attachment-full size-full\" alt=\"PIK\u00d6-Vorstand PD Dr. Stefan Riedl\" loading=\"lazy\" srcset=\"https:\/\/www.pikoe.at\/wp-content\/uploads\/2020\/10\/Portra\u0308tStefan.jpg 2392w, https:\/\/www.pikoe.at\/wp-content\/uploads\/2020\/10\/Portra\u0308tStefan-150x150.jpg 150w, https:\/\/www.pikoe.at\/wp-content\/uploads\/2020\/10\/Portra\u0308tStefan-300x300.jpg 300w, https:\/\/www.pikoe.at\/wp-content\/uploads\/2020\/10\/Portra\u0308tStefan-768x767.jpg 768w, https:\/\/www.pikoe.at\/wp-content\/uploads\/2020\/10\/Portra\u0308tStefan-1024x1024.jpg 1024w, https:\/\/www.pikoe.at\/wp-content\/uploads\/2020\/10\/Portra\u0308tStefan-226x226.jpg 226w\" sizes=\"auto, (max-width: 2392px) 100vw, 2392px\" \/><\/div><\/div><\/div><\/div><\/div><div class=\"vc_col-sm-4 wpb_column vc_column_container\"><div class=\"vc_column-inner\"><div class=\"wpb_wrapper\"><div class=\"wpb_text_column\"><div class=\"wpb_wrapper\"><p style=\"text-align: right;\"><strong>Vice Treasurer<br \/>\n<\/strong><span class=\"team-meta_item position\"><strong>Dr. Stefan Riedl<\/strong><br \/>\n<\/span>Specialist for pediatrics and adolescent medicine,<br \/>\nhead of the outpatient clinic for<br \/>\nvariants of sexual development<br \/>\nat the <a href=\"https:\/\/www.akhwien.at\/default.aspx?pid=640\" target=\"_blank\" rel=\"noopener\">AKH\/Medical University of Vienna<\/a><br \/>\n<a title=\"mailto:stefan.riedl@meduniwien.ac.at\" href=\"mailto:stefan.riedl@meduniwien.ac.at\">stefan.riedl@meduniwien.ac.at<\/a><\/p>\n<\/div><\/div><\/div><\/div><\/div><\/div><div class=\"w-separator size_medium\"><\/div><div class=\"w-separator size_medium\"><\/div><div class=\"g-cols wpb_row via_flex valign_top type_default stacking_default\"><div class=\"vc_col-sm-2 wpb_column vc_column_container\"><div class=\"vc_column-inner\"><div class=\"wpb_wrapper\"><div class=\"w-image align_center\"><div class=\"w-image-h\"><img decoding=\"async\" width=\"828\" height=\"828\" src=\"https:\/\/www.pikoe.at\/wp-content\/uploads\/2025\/02\/F_Gottardi1\u00a9OeGKJ.jpg\" class=\"attachment-full size-full\" alt=\"Dr.in Elena Gottardi-Butturini,\nLeiterin der Abteilung f\u00fcr P\u00e4diatrische Endokrinologie und\nDiabetologie an der Universit\u00e4tsklink f\u00fcr Kinder- und Jugendheilkunde\" loading=\"lazy\" srcset=\"https:\/\/www.pikoe.at\/wp-content\/uploads\/2025\/02\/F_Gottardi1\u00a9OeGKJ.jpg 828w, https:\/\/www.pikoe.at\/wp-content\/uploads\/2025\/02\/F_Gottardi1\u00a9OeGKJ-300x300.jpg 300w, https:\/\/www.pikoe.at\/wp-content\/uploads\/2025\/02\/F_Gottardi1\u00a9OeGKJ-150x150.jpg 150w\" sizes=\"auto, (max-width: 828px) 100vw, 828px\" \/><\/div><\/div><\/div><\/div><\/div><div class=\"vc_col-sm-4 wpb_column vc_column_container\"><div class=\"vc_column-inner\"><div class=\"wpb_wrapper\"><div class=\"wpb_text_column\"><div class=\"wpb_wrapper\"><p style=\"text-align: right;\"><span class=\"team-meta_item position\"><strong>Dr.<sup>\u00a0<\/sup>Elena Gottardi-Butturini<\/strong><br \/>\n<\/span>Head of the department of pediatric endocrinology and diabetology at the University Clinic for Pediatrics and Adolescent Medicine,<br \/>\n<a href=\"https:\/\/salk.at\/4193.html\" target=\"_blank\" rel=\"noopener\">Uniklinikum Salzburg<\/a><br \/>\n<a href=\"mailto:e.gottardi@salk.at\">e.gottardi@salk.at<\/a><\/p>\n<\/div><\/div><\/div><\/div><\/div><div class=\"vc_col-sm-2 wpb_column vc_column_container\"><div class=\"vc_column-inner\"><div class=\"wpb_wrapper\"><div class=\"w-image align_center\"><div class=\"w-image-h\"><img decoding=\"async\" width=\"1627\" height=\"1628\" src=\"https:\/\/www.pikoe.at\/wp-content\/uploads\/2025\/02\/F_Matal1@Ordination-Dr.-Matal.jpg\" class=\"attachment-full size-full\" alt=\"Dr.in Monika Matal,\nFach\u00e4rztin f\u00fcr Gyn\u00e4kologie und Geburtshilfe\" loading=\"lazy\" srcset=\"https:\/\/www.pikoe.at\/wp-content\/uploads\/2025\/02\/F_Matal1@Ordination-Dr.-Matal.jpg 1627w, https:\/\/www.pikoe.at\/wp-content\/uploads\/2025\/02\/F_Matal1@Ordination-Dr.-Matal-300x300.jpg 300w, https:\/\/www.pikoe.at\/wp-content\/uploads\/2025\/02\/F_Matal1@Ordination-Dr.-Matal-1024x1024.jpg 1024w, https:\/\/www.pikoe.at\/wp-content\/uploads\/2025\/02\/F_Matal1@Ordination-Dr.-Matal-150x150.jpg 150w, https:\/\/www.pikoe.at\/wp-content\/uploads\/2025\/02\/F_Matal1@Ordination-Dr.-Matal-1536x1536.jpg 1536w\" sizes=\"auto, (max-width: 1627px) 100vw, 1627px\" \/><\/div><\/div><\/div><\/div><\/div><div class=\"vc_col-sm-4 wpb_column vc_column_container\"><div class=\"vc_column-inner\"><div class=\"wpb_wrapper\"><div class=\"wpb_text_column\"><div class=\"wpb_wrapper\"><p style=\"text-align: right;\"><span class=\"team-meta_item position\"><strong>Dr.<sup>\u00a0<\/sup>Monika Matal<\/strong><br \/>\n<\/span>Specialist in gynecology and obstetrics, <a href=\"https:\/\/www.frauenaerztin-wien.at\/\" target=\"_blank\" rel=\"noopener\">private practice<\/a> (Vienna),\u00a0general practitioner, sworn and court-certified expert, medical director of <a href=\"https:\/\/amber-med.at\/\" target=\"_blank\" rel=\"noopener\">AmberMed<\/a><br \/>\n<a href=\"mailto:ordination@matal.info\">ordination@matal.info<\/a><\/p>\n<\/div><\/div><\/div><\/div><\/div><\/div><div class=\"w-separator size_medium\"><\/div><div class=\"g-cols wpb_row via_flex valign_top type_default stacking_default\"><div class=\"vc_col-sm-2 wpb_column vc_column_container\"><div class=\"vc_column-inner\"><div class=\"wpb_wrapper\"><div class=\"w-image align_center\"><div class=\"w-image-h\"><img decoding=\"async\" width=\"480\" height=\"480\" src=\"https:\/\/www.pikoe.at\/wp-content\/uploads\/2025\/02\/F_Rahhal-Schupp\u00a9Privat.jpg\" class=\"attachment-full size-full\" alt=\"Dr.in Jasmin Rahhal-Schupp,\nFach\u00e4rztin f\u00fcr Gyn\u00e4kologie und Geburtshilfe\" loading=\"lazy\" srcset=\"https:\/\/www.pikoe.at\/wp-content\/uploads\/2025\/02\/F_Rahhal-Schupp\u00a9Privat.jpg 480w, https:\/\/www.pikoe.at\/wp-content\/uploads\/2025\/02\/F_Rahhal-Schupp\u00a9Privat-300x300.jpg 300w, https:\/\/www.pikoe.at\/wp-content\/uploads\/2025\/02\/F_Rahhal-Schupp\u00a9Privat-150x150.jpg 150w\" sizes=\"auto, (max-width: 480px) 100vw, 480px\" \/><\/div><\/div><\/div><\/div><\/div><div class=\"vc_col-sm-4 wpb_column vc_column_container\"><div class=\"vc_column-inner\"><div class=\"wpb_wrapper\"><div class=\"wpb_text_column\"><div class=\"wpb_wrapper\"><p style=\"text-align: right;\"><span class=\"team-meta_item position\"><strong>Dr.<sup>\u00a0<\/sup>Jasmin Rahhal-Schupp<\/strong><br \/>\n<\/span>Specialist in gynecology and obstetrics, <a href=\"https:\/\/www.rahhal-gyn.at\/?lang=en\" target=\"_blank\" rel=\"noopener\">private practice<\/a> (Vienna)<br \/>\n<a href=\"mailto:jasmin.rahhal@schupp.at\">jasmin.rahhal@schupp.at<\/a><\/p>\n<\/div><\/div><\/div><\/div><\/div><div class=\"vc_col-sm-2 wpb_column vc_column_container\"><div class=\"vc_column-inner\"><div class=\"wpb_wrapper\"><div class=\"w-image align_center\"><div class=\"w-image-h\"><img decoding=\"async\" width=\"2409\" height=\"2411\" src=\"https:\/\/www.pikoe.at\/wp-content\/uploads\/2025\/02\/F_Stein1\u00a9primephoto.jpg\" class=\"attachment-full size-full\" alt=\"Dr.in Lilian Stein,\nFach\u00e4rztin f\u00fcr Gyn\u00e4kologie und Geburtshilfe\" loading=\"lazy\" srcset=\"https:\/\/www.pikoe.at\/wp-content\/uploads\/2025\/02\/F_Stein1\u00a9primephoto.jpg 2409w, https:\/\/www.pikoe.at\/wp-content\/uploads\/2025\/02\/F_Stein1\u00a9primephoto-300x300.jpg 300w, https:\/\/www.pikoe.at\/wp-content\/uploads\/2025\/02\/F_Stein1\u00a9primephoto-1024x1024.jpg 1024w, https:\/\/www.pikoe.at\/wp-content\/uploads\/2025\/02\/F_Stein1\u00a9primephoto-150x150.jpg 150w, https:\/\/www.pikoe.at\/wp-content\/uploads\/2025\/02\/F_Stein1\u00a9primephoto-1536x1536.jpg 1536w\" sizes=\"auto, (max-width: 2409px) 100vw, 2409px\" \/><\/div><\/div><\/div><\/div><\/div><div class=\"vc_col-sm-4 wpb_column vc_column_container\"><div class=\"vc_column-inner\"><div class=\"wpb_wrapper\"><div class=\"wpb_text_column\"><div class=\"wpb_wrapper\"><p style=\"text-align: right;\"><span class=\"team-meta_item position\"><strong>Dr.<sup>\u00a0<\/sup>Lilian Stein<\/strong><br \/>\n<\/span>Specialist in gynecology and obstetrics<br \/>\nin the prenatal diagnostics outpatient clinic<br \/>\nand head of the <a href=\"https:\/\/klinik-donaustadt.gesundheitsverbund.at\/leistung\/_abteilung-fuer-gynaekologie-und-geburtshilfe\/\" target=\"_blank\" rel=\"noopener\">pediatric gynecology outpatient clinic <\/a>at Klinik Donaustadt<br \/>\nand <a href=\"https:\/\/www.frauenaerztin-stein.at\/\" target=\"_blank\" rel=\"noopener\">private practice<\/a> (Vienna)<br \/>\n<a href=\"mailto:lilianstein@gmx.at\">lilianstein@gmx.at<\/a><\/p>\n<\/div><\/div><\/div><\/div><\/div><\/div><div class=\"w-separator size_medium\"><\/div><div class=\"g-cols wpb_row via_flex valign_top type_default stacking_default\"><div class=\"vc_col-sm-2 wpb_column vc_column_container\"><div class=\"vc_column-inner\"><div class=\"wpb_wrapper\"><div class=\"w-image align_center\"><div class=\"w-image-h\"><img decoding=\"async\" width=\"2560\" height=\"2558\" src=\"https:\/\/www.pikoe.at\/wp-content\/uploads\/2025\/02\/F_Windsperger1\u00a9Privat-scaled.jpg\" class=\"attachment-full size-full\" alt=\"PD Dr.in Karin Windsperger-Taheri, PhD,\nFach\u00e4rztin f\u00fcr Gyn\u00e4kologie und Geburtshilfe\" loading=\"lazy\" srcset=\"https:\/\/www.pikoe.at\/wp-content\/uploads\/2025\/02\/F_Windsperger1\u00a9Privat-scaled.jpg 2560w, https:\/\/www.pikoe.at\/wp-content\/uploads\/2025\/02\/F_Windsperger1\u00a9Privat-300x300.jpg 300w, https:\/\/www.pikoe.at\/wp-content\/uploads\/2025\/02\/F_Windsperger1\u00a9Privat-1024x1024.jpg 1024w, https:\/\/www.pikoe.at\/wp-content\/uploads\/2025\/02\/F_Windsperger1\u00a9Privat-150x150.jpg 150w, https:\/\/www.pikoe.at\/wp-content\/uploads\/2025\/02\/F_Windsperger1\u00a9Privat-1536x1536.jpg 1536w\" sizes=\"auto, (max-width: 2560px) 100vw, 2560px\" \/><\/div><\/div><\/div><\/div><\/div><div class=\"vc_col-sm-4 wpb_column vc_column_container\"><div class=\"vc_column-inner\"><div class=\"wpb_wrapper\"><div class=\"wpb_text_column\"><div class=\"wpb_wrapper\"><p style=\"text-align: right;\"><span class=\"team-meta_item position\"><strong>PD Dr.<sup>\u00a0<\/sup>Karin Windsperger-Taheri, PhD<\/strong><br \/>\n<\/span>Specialist in gynecology and obstetrics<br \/>\nat the department of obstetrics and gynecology,<a href=\"https:\/\/www.meduniwien.ac.at\/web\/forschung\/researcher-profiles\/researcher-profiles\/detail\/?res=karin_windsperger-taheri&amp;cHash=50e74c824ca501f388327d2f86c80566\" target=\"_blank\" rel=\"noopener\"> AKH\/Medical University Vienna<\/a><br \/>\n<a href=\"mailto:karin.windsperger@meduniwien.ac.at\">karin.windsperger@meduniwien.ac.at<\/a><\/p>\n<\/div><\/div><\/div><\/div><\/div><div class=\"vc_col-sm-2 wpb_column vc_column_container\"><div class=\"vc_column-inner\"><div class=\"wpb_wrapper\"><div class=\"w-image align_center\"><div class=\"w-image-h\"><img decoding=\"async\" width=\"960\" height=\"960\" src=\"https:\/\/www.pikoe.at\/wp-content\/uploads\/2025\/02\/F_Zwick\u00a9Hannah-Ecker.jpg\" class=\"attachment-full size-full\" alt=\"Dr.in Carmen Zwick,\nFach\u00e4rztin f\u00fcr Gyn\u00e4kologie und Geburtshilfe\" loading=\"lazy\" srcset=\"https:\/\/www.pikoe.at\/wp-content\/uploads\/2025\/02\/F_Zwick\u00a9Hannah-Ecker.jpg 960w, https:\/\/www.pikoe.at\/wp-content\/uploads\/2025\/02\/F_Zwick\u00a9Hannah-Ecker-300x300.jpg 300w, https:\/\/www.pikoe.at\/wp-content\/uploads\/2025\/02\/F_Zwick\u00a9Hannah-Ecker-150x150.jpg 150w\" sizes=\"auto, (max-width: 960px) 100vw, 960px\" \/><\/div><\/div><\/div><\/div><\/div><div class=\"vc_col-sm-4 wpb_column vc_column_container\"><div class=\"vc_column-inner\"><div class=\"wpb_wrapper\"><div class=\"wpb_text_column\"><div class=\"wpb_wrapper\"><p style=\"text-align: right;\"><span class=\"team-meta_item position\"><strong>Dr.<sup>\u00a0<\/sup>Carmen Zwick<\/strong><br \/>\nSpecialist in gynecology and obstetrics,<br \/>\nhead of <a href=\"https:\/\/www.med4women.at\/en\/\" target=\"_blank\" rel=\"noopener\">med4women<\/a> (Vienna)<br \/>\n<a href=\"mailto:carmen.zwick@med4women.at\">carmen.zwick@med4women.at<\/a><\/span><\/p>\n<\/div><\/div><\/div><\/div><\/div><\/div><\/div><\/div><\/div><div class=\"w-tabs-section\" id=\"kf10\"><button class=\"w-tabs-section-header\" aria-controls=\"content-kf10\" aria-expanded=\"false\"><div class=\"w-tabs-section-title\">Expert advisory board<\/div><div class=\"w-tabs-section-control\"><\/div><\/button><div  class=\"w-tabs-section-content\" id=\"content-kf10\"><div class=\"w-tabs-section-content-h i-cf\"><div class=\"g-cols wpb_row via_flex valign_top type_default stacking_default\"><div class=\"vc_col-sm-6 wpb_column vc_column_container\"><div class=\"vc_column-inner\"><div class=\"wpb_wrapper\"><div class=\"wpb_text_column\"><div class=\"wpb_wrapper\"><p><strong>PD Dr. Bettina B\u00f6ttcher, MA<br \/>\n<\/strong>Specialist in gynecology and obstetrics at the<br \/>\nDepartment of Gynecological Endocrinology<br \/>\nand Reproductive Medicine<br \/>\n<a href=\"http:\/\/www.kinderwunsch-zentrum.at\">Medical University of Innsbruck<\/a> (Innsbruck, Tyrol),<br \/>\nChair of the AG Kinder- und Jugendgyn\u00e4kologie<br \/>\nof the Austrian Society for Gynaecology and<br \/>\nObstetrics (<a href=\"https:\/\/www.oeggg.at\/oeggg\/arbeitsgemeinschaften\/\" target=\"_blank\" rel=\"noopener\">OEGGG<\/a>), Fellow of <a href=\"https:\/\/www.figij.org\/resources\/ifepag\/\" target=\"_blank\" rel=\"noopener\">IFEPAG<\/a><br \/>\n<a href=\"mailto:bettina.boettcher@i-med.ac.at\">bettina.boettcher@i-med.ac.at<\/a><\/p>\n<\/div><\/div><\/div><\/div><\/div><div class=\"vc_col-sm-6 wpb_column vc_column_container\"><div class=\"vc_column-inner\"><div class=\"wpb_wrapper\"><div class=\"wpb_text_column\"><div class=\"wpb_wrapper\"><p><strong>Dr. Alexandra Ciresa-K\u00f6nig<br \/>\n<\/strong>Specialist in gynecology and obstetrics<br \/>\nat the <a href=\"https:\/\/frauenheilkunde-innsbruck.tirol-kliniken.at\/page.cfm?vpath=index\/fuer-patientinnen\/ambulanzuebersicht\/allgemeine-ambulanz\">University Hospital for Gynecology Innsbruck<\/a><br \/>\n(Innsbruck, Tyrol)<br \/>\n<a href=\"mailto:a.ciresa-koenig@i-med.ac.at\">a.ciresa-koenig@i-med.ac.at<\/a><\/p>\n<\/div><\/div><\/div><\/div><\/div><\/div><div class=\"w-separator size_medium\"><\/div><div class=\"g-cols wpb_row via_flex valign_top type_default stacking_default\"><div class=\"vc_col-sm-6 wpb_column vc_column_container\"><div class=\"vc_column-inner\"><div class=\"wpb_wrapper\"><div class=\"wpb_text_column\"><div class=\"wpb_wrapper\"><p><strong>Dr. Elisabeth Frigo<br \/>\n<\/strong>Specialist in pediatric and adolescent surgery,<br \/>\n<a href=\"http:\/\/med4kids.at\">Private practice<\/a> (Vienna)<br \/>\n<a href=\"mailto:elisabeth.frigo@med4kids.at\">elisabeth.frigo@med4kids.at<\/a><\/p>\n<\/div><\/div><\/div><\/div><\/div><div class=\"vc_col-sm-6 wpb_column vc_column_container\"><div class=\"vc_column-inner\"><div class=\"wpb_wrapper\"><div class=\"wpb_text_column\"><div class=\"wpb_wrapper\"><p><strong>Ao. Univ.-Prof. Dr. med.univ. Gabriele H\u00e4usler<br \/>\n<\/strong>Head of the Endocrinology Outpatient Clinic,<br \/>\nAKH\/<a href=\"https:\/\/www.akhwien.at\/default.aspx?pid=623\">Medical University Vienna<\/a> (Vienna)<br \/>\n<a href=\"mailto:gabriele.haeusler@meduniwien.ac.at\">gabriele.haeusler@meduniwien.ac.at<\/a><\/p>\n<\/div><\/div><\/div><\/div><\/div><\/div><div class=\"w-separator size_medium\"><\/div><div class=\"g-cols wpb_row via_flex valign_top type_default stacking_default\"><div class=\"vc_col-sm-6 wpb_column vc_column_container\"><div class=\"vc_column-inner\"><div class=\"wpb_wrapper\"><div class=\"wpb_text_column\"><div class=\"wpb_wrapper\"><p><strong>Dr. Petra Kern<br \/>\n<\/strong>Specialist in gynecology and obstetrics<br \/>\nat the <a href=\"https:\/\/frauenklinik.uniklinikumgraz.at\/abt_gynaekologie\/Abteilung\/Team\/Seiten\/default.aspx\" target=\"_blank\" rel=\"noopener\">University Clinic for Gynecology and Obstetrics<\/a><br \/>\nin Graz (Graz, Styria)<br \/>\n<a href=\"mailto:petra.kern@klinikum-graz.at\">petra.kern@klinikum-graz.at<\/a><\/p>\n<\/div><\/div><\/div><\/div><\/div><div class=\"vc_col-sm-6 wpb_column vc_column_container\"><div class=\"vc_column-inner\"><div class=\"wpb_wrapper\"><div class=\"wpb_text_column\"><div class=\"wpb_wrapper\"><p><strong>Ao. Univ.-Prof. Dr. Petra Kohlberger, MSc<br \/>\n<\/strong>Specialist in gynecology and obstetrics<br \/>\nat the University Clinic for Gynecology,<br \/>\nAKH\/<a href=\"http:\/\/frauenheilkunde.meduniwien.ac.at\/gyn\/allgemeine-informationen\/mitarbeiterinnen\/\">Medical University of Vienna<\/a> (Vienna)<br \/>\n<a href=\"mailto:petra.kohlberger@meduniwien.ac.at\">petra.kohlberger@meduniwien.ac.at<\/a><\/p>\n<\/div><\/div><\/div><\/div><\/div><\/div><div class=\"w-separator size_medium\"><\/div><div class=\"g-cols wpb_row via_flex valign_top type_default stacking_default\"><div class=\"vc_col-sm-6 wpb_column vc_column_container\"><div class=\"vc_column-inner\"><div class=\"wpb_wrapper\"><div class=\"wpb_text_column\"><div class=\"wpb_wrapper\"><p><strong>Univ.-Doz. Dr. Josef Oswald, FEAPU<br \/>\n<\/strong>Specialist in urology, Head of the Department<br \/>\nof Pediatric Urology at the Ordensklinikum Linz,<br \/>\n<a href=\"http:\/\/www.bhslinz.at\/kinderurologie\">Hospital of the Sisters of Mercy Linz <\/a>(Linz, Upper Austria),<br \/>\nHead of the Working Group for Pediatric Urology<br \/>\nof the Austrian Society of Urology (\u00d6GU)<br \/>\n<a href=\"mailto:josef.oswald@ordensklinikum.at\">josef.oswald@ordensklinikum.at<\/a><\/p>\n<\/div><\/div><\/div><\/div><\/div><div class=\"vc_col-sm-6 wpb_column vc_column_container\"><div class=\"vc_column-inner\"><div class=\"wpb_wrapper\"><div class=\"wpb_text_column\"><div class=\"wpb_wrapper\"><p><strong>Assoc.-Prof. Priv.-Doz. Dr. Johannes Ott<br \/>\n<\/strong>Specialist in gynecology and obstetrics<br \/>\nat the University Hospital for Gynecology,<br \/>\nClinical Department of Gynecological<br \/>\nEndocrinology and Reproductive Medicine,<br \/>\nAKH\/<a href=\"https:\/\/frauenheilkunde.meduniwien.ac.at\/gynendo\/allgemeine-informationen\/mitarbeiterinnen\/\">Medical University of Vienna<\/a> (Vienna)<br \/>\n<a href=\"mailto:johannes.ott@meduniwien.ac.at\">johannes.ott@meduniwien.ac.at<\/a><\/p>\n<\/div><\/div><\/div><\/div><\/div><\/div><div class=\"w-separator size_medium\"><\/div><div class=\"g-cols wpb_row via_flex valign_top type_default stacking_default\"><div class=\"vc_col-sm-6 wpb_column vc_column_container\"><div class=\"vc_column-inner\"><div class=\"wpb_wrapper\"><div class=\"wpb_text_column\"><div class=\"wpb_wrapper\"><p><strong>Univ.-Prof. Dr. Peter Oppelt, MBA<br \/>\n<\/strong>Specialist in gynecology and obstetrics,<br \/>\nHead of the University Clinic for Gynecology,<br \/>\nObstetrics and Gynecological Endocrinology<br \/>\nat the <a href=\"https:\/\/kepleruniklinikum.at\/versorgung\/kliniken\/gynaekologie-geburtshilfe-und-gyn-endokrinologie\/was-wir-tun\/\">Kepler University Hospital<\/a> in Linz (Linz, Upper Austria)<br \/>\n<a href=\"mailto:peter.oppelt@kepleruniklinikum.at\">peter.oppelt@kepleruniklinikum.at<\/a><\/p>\n<\/div><\/div><\/div><\/div><\/div><div class=\"vc_col-sm-6 wpb_column vc_column_container\"><div class=\"vc_column-inner\"><div class=\"wpb_wrapper\"><div class=\"wpb_text_column\"><div class=\"wpb_wrapper\"><p><strong>Dr. Barbara Tringler<br \/>\n<\/strong>Specialist in gynecology and obstetrics,<br \/>\nHead of the Pediatric and Adolescent Gynecological<br \/>\nClinic at the University Hospital for<br \/>\nGynecology and Obstetrics,<br \/>\n<a href=\"http:\/\/www.salk.at\/1749.html\">PMU\u00a0Salzburg<\/a> und Private practice (Salzburg)<br \/>\n<a href=\"mailto:b.tringler@salk.at\">b.tringler@salk.at<\/a><\/p>\n<\/div><\/div><\/div><\/div><\/div><\/div><div class=\"w-separator size_medium\"><\/div><div class=\"g-cols wpb_row via_flex valign_top type_default stacking_default\"><div class=\"vc_col-sm-6 wpb_column vc_column_container\"><div class=\"vc_column-inner\"><div class=\"wpb_wrapper\"><div class=\"wpb_text_column\"><div class=\"wpb_wrapper\"><p><strong>Ass.-Prof. Dr. Sabine V\u00f6lkl-Kernstock<br \/>\n<\/strong>Clinical and health psychologist, psychotherapist,<br \/>\nSenior Clinical Psychologist at the University Hospital<br \/>\nfor Child and Adolescent Psychiatry,<br \/>\n<a href=\"https:\/\/kjp.meduniwien.ac.at\/patientinneninformationen\/spezialambulanzen\/forensik-und-traumadiagnostik-ambulanz\/\" target=\"_blank\" rel=\"noopener\">AKH\/Medical University of Vienna<\/a> (Vienna)<br \/>\n<a href=\"mailto:sabine.voelkl-kernstock@meduniwien.ac.at\">sabine.voelkl-kernstock@meduniwien.ac.at<\/a><\/p>\n<\/div><\/div><\/div><\/div><\/div><div class=\"vc_col-sm-6 wpb_column vc_column_container\"><div class=\"vc_column-inner\"><div class=\"wpb_wrapper\"><div class=\"wpb_text_column\"><div class=\"wpb_wrapper\"><p><strong>Univ.-Prof. Dr. Ren\u00e9 Wenzl, MSc<br \/>\n<\/strong>Specialist in gynecology and obstetrics<br \/>\nat the University Hospital for Gynecology,<br \/>\nAKH\/<a href=\"https:\/\/frauenheilkunde.meduniwien.ac.at\/gyn\/allgemeine-informationen\/mitarbeiterinnen\/\">Medical University of Vienna<\/a> (Vienna)<br \/>\n<a href=\"mailto:rwenzl44@gmail.com\">rwenzl44@gmail.com<\/a><\/p>\n<\/div><\/div><\/div><\/div><\/div><\/div><div class=\"w-separator size_medium\"><\/div><div class=\"g-cols wpb_row via_flex valign_top type_default stacking_default\"><div class=\"vc_col-sm-6 wpb_column vc_column_container\"><div class=\"vc_column-inner\"><div class=\"wpb_wrapper\"><div class=\"wpb_text_column\"><div class=\"wpb_wrapper\"><p><strong>Univ.-Prof. Dr. Ludwig Wildt<br \/>\n<\/strong>Specialist in gynecology and obstetrics,<br \/>\nuntil his retirement<br \/>\nHead of the University Clinic<br \/>\nfor Gynecological Endocrinology and Reproductive<br \/>\nMedicine, <a href=\"http:\/\/www.kinderwunsch-zentrum.at\">Medical University of Innsbruck<\/a> (Innsbruck, Tyrol)<br \/>\n<a href=\"mailto:ludwig.wildt@i-med.ac.at\">ludwig.wildt@i-med.ac.at<\/a><\/p>\n<\/div><\/div><\/div><\/div><\/div><div class=\"vc_col-sm-6 wpb_column vc_column_container\"><div class=\"vc_column-inner\"><div class=\"wpb_wrapper\"><\/div><\/div><\/div><\/div><\/div><\/div><\/div><div class=\"w-tabs-section\" id=\"bde6\"><button class=\"w-tabs-section-header\" aria-controls=\"content-bde6\" aria-expanded=\"false\"><div class=\"w-tabs-section-title\">Honorary members<\/div><div class=\"w-tabs-section-control\"><\/div><\/button><div  class=\"w-tabs-section-content\" id=\"content-bde6\"><div class=\"w-tabs-section-content-h i-cf\"><div class=\"g-cols wpb_row via_flex valign_top type_default stacking_default\"><div class=\"vc_col-sm-2 wpb_column vc_column_container\"><div class=\"vc_column-inner\"><div class=\"wpb_wrapper\"><div class=\"w-image align_center\"><div class=\"w-image-h\"><img decoding=\"async\" width=\"310\" height=\"310\" src=\"https:\/\/www.pikoe.at\/wp-content\/uploads\/2017\/01\/hermann.jpg\" class=\"attachment-full size-full\" alt=\"Dr. Bernd Herrmann\" loading=\"lazy\" srcset=\"https:\/\/www.pikoe.at\/wp-content\/uploads\/2017\/01\/hermann.jpg 310w, https:\/\/www.pikoe.at\/wp-content\/uploads\/2017\/01\/hermann-150x150.jpg 150w, https:\/\/www.pikoe.at\/wp-content\/uploads\/2017\/01\/hermann-300x300.jpg 300w, https:\/\/www.pikoe.at\/wp-content\/uploads\/2017\/01\/hermann-226x226.jpg 226w\" sizes=\"auto, (max-width: 310px) 100vw, 310px\" \/><\/div><\/div><\/div><\/div><\/div><div class=\"vc_col-sm-4 wpb_column vc_column_container\"><div class=\"vc_column-inner\"><div class=\"wpb_wrapper\"><div class=\"wpb_text_column\"><div class=\"wpb_wrapper\"><p style=\"text-align: right;\"><strong>Dr. Bernd Herrmann<br \/>\n<\/strong>Specialist in pediatric and adolescent medicine,<br \/>\nHead of the Medical Child Protection<br \/>\nOutpatient Clinic at the<br \/>\n<a href=\"http:\/\/www.klinikum-kassel.de\/\" target=\"_blank\" rel=\"noopener\">Children\u00b4s Hospital of the Kassel Clinic<\/a>,<br \/>\nChairman of the German Society<br \/>\nfor Prevention and Intervention<br \/>\nin\u00a0<a href=\"http:\/\/www.kindesmisshandlung.de\/\" target=\"_blank\" rel=\"noopener\">child abuse and neglect<\/a>,<br \/>\ninternationally renowned lecturer,<br \/>\nbook author and author of numerous scientific<br \/>\nworks in the field of pediatric and adolescent medicine<\/p>\n<\/div><\/div><\/div><\/div><\/div><div class=\"vc_col-sm-2 wpb_column vc_column_container\"><div class=\"vc_column-inner\"><div class=\"wpb_wrapper\"><div class=\"w-image align_center\"><div class=\"w-image-h\"><img decoding=\"async\" width=\"310\" height=\"310\" src=\"https:\/\/www.pikoe.at\/wp-content\/uploads\/2017\/01\/Navratil.jpg\" class=\"attachment-full size-full\" alt=\"Dr.in Francesca Navratil\" loading=\"lazy\" srcset=\"https:\/\/www.pikoe.at\/wp-content\/uploads\/2017\/01\/Navratil.jpg 310w, https:\/\/www.pikoe.at\/wp-content\/uploads\/2017\/01\/Navratil-150x150.jpg 150w, https:\/\/www.pikoe.at\/wp-content\/uploads\/2017\/01\/Navratil-300x300.jpg 300w, https:\/\/www.pikoe.at\/wp-content\/uploads\/2017\/01\/Navratil-226x226.jpg 226w\" sizes=\"auto, (max-width: 310px) 100vw, 310px\" \/><\/div><\/div><\/div><\/div><\/div><div class=\"vc_col-sm-4 wpb_column vc_column_container\"><div class=\"vc_column-inner\"><div class=\"wpb_wrapper\"><div class=\"wpb_text_column\"><div class=\"wpb_wrapper\"><p style=\"text-align: right;\"><strong>Dr. Francesca Navratil<br \/>\n<\/strong>Specialist in pediatric and adolescent medicine,<br \/>\none of the most experienced experts in the field<br \/>\nof pediatric and adolescent gynecology &#8211; intensively engaged<br \/>\nin the education and training in this field<br \/>\nat home and abroad. Until retirement<br \/>\nworked at the University Children&#8217;s Hospital<br \/>\nin Zurich and own practice for<br \/>\npediatric and adolescent gynecology,<br \/>\nformer president of the<br \/>\n<a href=\"http:\/\/www.gynea.ch\" target=\"_blank\" rel=\"noopener\">Gynea \u2013 Swiss Working Group<br \/>\nfor Pediatric and Adolescent Gynecology<\/a><br \/>\nand former board member of the<br \/>\n<a href=\"http:\/\/www.figij.org\" target=\"_blank\" rel=\"noopener\">Federation Internationale de Gynecologie<br \/>\nInfantile et Juvenile<\/a><\/p>\n<\/div><\/div><\/div><\/div><\/div><\/div><div class=\"w-separator size_medium\"><\/div><div class=\"g-cols wpb_row via_flex valign_top type_default stacking_default\"><div class=\"vc_col-sm-2 wpb_column vc_column_container\"><div class=\"vc_column-inner\"><div class=\"wpb_wrapper\"><div class=\"w-image align_center\"><div class=\"w-image-h\"><img decoding=\"async\" width=\"3162\" height=\"3814\" src=\"https:\/\/www.pikoe.at\/wp-content\/uploads\/2017\/02\/F-Kainz1.jpg\" class=\"attachment-full size-full\" alt=\"Prim. Univ.-Prof. Dr. Christian Kainz\" loading=\"lazy\" srcset=\"https:\/\/www.pikoe.at\/wp-content\/uploads\/2017\/02\/F-Kainz1.jpg 3162w, https:\/\/www.pikoe.at\/wp-content\/uploads\/2017\/02\/F-Kainz1-249x300.jpg 249w, https:\/\/www.pikoe.at\/wp-content\/uploads\/2017\/02\/F-Kainz1-768x926.jpg 768w, https:\/\/www.pikoe.at\/wp-content\/uploads\/2017\/02\/F-Kainz1-849x1024.jpg 849w\" sizes=\"auto, (max-width: 3162px) 100vw, 3162px\" \/><\/div><\/div><\/div><\/div><\/div><div class=\"vc_col-sm-4 wpb_column vc_column_container\"><div class=\"vc_column-inner\"><div class=\"wpb_wrapper\"><div class=\"wpb_text_column\"><div class=\"wpb_wrapper\"><p style=\"text-align: right;\"><strong>Prim. Univ.-Prof. Dr. Christian Kainz<br \/>\n<\/strong>Specialist in gynecology and obstetrics,<br \/>\nMedical Director of the <a href=\"http:\/\/www.privatklinik-doebling.at\/de\/medizinische-leistungen\/arzt\/christian-kainz.html\">D\u00f6bling Private Hospital<\/a><br \/>\nas well as primary physician of the<br \/>\nobstetrics department,<br \/>\nHead of the Outpatient Clinic for Gynecology and Obstetrics (Vienna)<\/p>\n<\/div><\/div><\/div><\/div><\/div><div class=\"vc_col-sm-2 wpb_column vc_column_container\"><div class=\"vc_column-inner\"><div class=\"wpb_wrapper\"><\/div><\/div><\/div><div class=\"vc_col-sm-4 wpb_column vc_column_container\"><div class=\"vc_column-inner\"><div class=\"wpb_wrapper\"><\/div><\/div><\/div><\/div><\/div><\/div><\/div><div class=\"w-tabs-section\" id=\"xdab\"><button class=\"w-tabs-section-header\" aria-controls=\"content-xdab\" aria-expanded=\"false\"><div class=\"w-tabs-section-title\">Cooperation partners<\/div><div class=\"w-tabs-section-control\"><\/div><\/button><div  class=\"w-tabs-section-content\" id=\"content-xdab\"><div class=\"w-tabs-section-content-h i-cf\"><div class=\"g-cols wpb_row via_flex valign_middle type_default stacking_default\"><div class=\"vc_col-sm-4 wpb_column vc_column_container\"><div class=\"vc_column-inner\"><div class=\"wpb_wrapper\"><div class=\"w-image align_center\"><a target=\"_blank\" rel=\"nofollow\" href=\"https:\/\/www.kindergynaekologie.de\" aria-label=\"AG Kinder- und Jugendgyn\u00e4kologie\" class=\"w-image-h\"><img decoding=\"async\" width=\"339\" height=\"108\" src=\"https:\/\/www.pikoe.at\/wp-content\/uploads\/2021\/02\/AGKinderJugendgynaekologie.jpg\" class=\"attachment-full size-full\" alt=\"AG Kinder- und Jugendgyn\u00e4kologie\" loading=\"lazy\" srcset=\"https:\/\/www.pikoe.at\/wp-content\/uploads\/2021\/02\/AGKinderJugendgynaekologie.jpg 339w, https:\/\/www.pikoe.at\/wp-content\/uploads\/2021\/02\/AGKinderJugendgynaekologie-300x96.jpg 300w\" sizes=\"auto, (max-width: 339px) 100vw, 339px\" \/><\/a><\/div><\/div><\/div><\/div><div class=\"vc_col-sm-4 wpb_column vc_column_container\"><div class=\"vc_column-inner\"><div class=\"wpb_wrapper\"><div class=\"w-image align_center\"><a target=\"_blank\" rel=\"nofollow\" href=\"https:\/\/www.dgkim.de\/\" aria-label=\"Kinderschutz in der Medizin\" class=\"w-image-h\"><img decoding=\"async\" width=\"293\" height=\"99\" src=\"https:\/\/www.pikoe.at\/wp-content\/uploads\/2021\/02\/DGKiM.jpg\" class=\"attachment-full size-full\" alt=\"Kinderschutz in der Medizin\" loading=\"lazy\" \/><\/a><\/div><\/div><\/div><\/div><div class=\"vc_col-sm-4 wpb_column vc_column_container\"><div class=\"vc_column-inner\"><div class=\"wpb_wrapper\"><div class=\"w-image align_center\"><a target=\"_blank\" rel=\"nofollow\" href=\"http:\/\/www.gynea.ch\/\" aria-label=\"gynea_splash\" class=\"w-image-h\"><img decoding=\"async\" width=\"321\" height=\"276\" src=\"https:\/\/www.pikoe.at\/wp-content\/uploads\/2017\/01\/gynea_splash.jpg\" class=\"attachment-full size-full\" alt=\"\" loading=\"lazy\" srcset=\"https:\/\/www.pikoe.at\/wp-content\/uploads\/2017\/01\/gynea_splash.jpg 321w, https:\/\/www.pikoe.at\/wp-content\/uploads\/2017\/01\/gynea_splash-300x258.jpg 300w\" sizes=\"auto, (max-width: 321px) 100vw, 321px\" \/><\/a><\/div><\/div><\/div><\/div><\/div><div class=\"g-cols wpb_row via_flex valign_middle type_default stacking_default\"><div class=\"vc_col-sm-4 wpb_column vc_column_container\"><div class=\"vc_column-inner\"><div class=\"wpb_wrapper\"><div class=\"w-image align_center\"><a target=\"_blank\" rel=\"nofollow\" href=\"https:\/\/www.oegkim.at\" aria-label=\"Kinder- und Jugendgyn\u00e4kologie; Kinderschutz\" class=\"w-image-h\"><img decoding=\"async\" width=\"848\" height=\"570\" src=\"https:\/\/www.pikoe.at\/wp-content\/uploads\/2021\/02\/OeGKiM.jpg\" class=\"attachment-full size-full\" alt=\"Kinder- und Jugendgyn\u00e4kologie; Kinderschutz\" loading=\"lazy\" srcset=\"https:\/\/www.pikoe.at\/wp-content\/uploads\/2021\/02\/OeGKiM.jpg 848w, https:\/\/www.pikoe.at\/wp-content\/uploads\/2021\/02\/OeGKiM-300x202.jpg 300w\" sizes=\"auto, (max-width: 848px) 100vw, 848px\" \/><\/a><\/div><\/div><\/div><\/div><div class=\"vc_col-sm-4 wpb_column vc_column_container\"><div class=\"vc_column-inner\"><div class=\"wpb_wrapper\"><div class=\"w-image align_center\"><a target=\"_blank\" rel=\"nofollow\" href=\"http:\/\/www.pkd.at\/\" aria-label=\"logo_pkd_2\" class=\"w-image-h\"><img decoding=\"async\" width=\"505\" height=\"117\" src=\"https:\/\/www.pikoe.at\/wp-content\/uploads\/2017\/01\/logo_pkd_2.png\" class=\"attachment-full size-full\" alt=\"\" loading=\"lazy\" srcset=\"https:\/\/www.pikoe.at\/wp-content\/uploads\/2017\/01\/logo_pkd_2.png 505w, https:\/\/www.pikoe.at\/wp-content\/uploads\/2017\/01\/logo_pkd_2-300x70.png 300w\" sizes=\"auto, (max-width: 505px) 100vw, 505px\" \/><\/a><\/div><\/div><\/div><\/div><div class=\"vc_col-sm-4 wpb_column vc_column_container\"><div class=\"vc_column-inner\"><div class=\"wpb_wrapper\"><\/div><\/div><\/div><\/div><\/div><\/div><\/div><\/div><\/div><\/div><\/div><\/div><\/div><\/div><\/section>\n","protected":false},"excerpt":{"rendered":"Organization BoardExpert advisory boardHonorary membersCooperation partnersBoardPresident Univ.-Doz. Dr. Katharina Schuchter Specialist in gynecology, obstetrics and human genetics, prenatal diagnostics, head of med4women (Vienna) schuchter@med4women.at Vice President Prim. Univ. Prof. Dr. Reinhold Kerbl Specialist in pediatrics and adolescent medicine, head of the department for children and adolescents at the State Hospital Hochsteiermark (Leoben, Styria) reinhold.kerbl@kages.at Secretary...","protected":false},"author":1,"featured_media":0,"parent":0,"menu_order":3,"comment_status":"closed","ping_status":"closed","template":"","meta":{"footnotes":""},"class_list":["post-8956","page","type-page","status-publish","hentry"],"yoast_head":"<!-- This site is optimized with the Yoast SEO plugin v27.5 - https:\/\/yoast.com\/product\/yoast-seo-wordpress\/ -->\n<title>Organization - PIK\u00d6<\/title>\n<meta name=\"robots\" content=\"index, follow, max-snippet:-1, max-image-preview:large, max-video-preview:-1\" \/>\n<link rel=\"canonical\" href=\"https:\/\/www.pikoe.at\/en\/organization\/\" \/>\n<meta property=\"og:locale\" content=\"en_US\" \/>\n<meta property=\"og:type\" content=\"article\" \/>\n<meta property=\"og:title\" content=\"Organization - PIK\u00d6\" \/>\n<meta property=\"og:url\" content=\"https:\/\/www.pikoe.at\/en\/organization\/\" \/>\n<meta property=\"og:site_name\" content=\"PIK\u00d6\" \/>\n<meta property=\"article:modified_time\" content=\"2026-04-01T11:27:06+00:00\" \/>\n<meta name=\"twitter:card\" content=\"summary_large_image\" \/>\n<meta name=\"twitter:label1\" content=\"Est. reading time\" \/>\n\t<meta name=\"twitter:data1\" content=\"6 minutes\" \/>\n<script type=\"application\/ld+json\" class=\"yoast-schema-graph\">{\"@context\":\"https:\\\/\\\/schema.org\",\"@graph\":[{\"@type\":\"WebPage\",\"@id\":\"https:\\\/\\\/www.pikoe.at\\\/en\\\/organization\\\/\",\"url\":\"https:\\\/\\\/www.pikoe.at\\\/en\\\/organization\\\/\",\"name\":\"Organization - PIK\u00d6\",\"isPartOf\":{\"@id\":\"https:\\\/\\\/www.pikoe.at\\\/en\\\/#website\"},\"datePublished\":\"2021-03-08T16:27:55+00:00\",\"dateModified\":\"2026-04-01T11:27:06+00:00\",\"breadcrumb\":{\"@id\":\"https:\\\/\\\/www.pikoe.at\\\/en\\\/organization\\\/#breadcrumb\"},\"inLanguage\":\"en-US\",\"potentialAction\":[{\"@type\":\"ReadAction\",\"target\":[\"https:\\\/\\\/www.pikoe.at\\\/en\\\/organization\\\/\"]}]},{\"@type\":\"BreadcrumbList\",\"@id\":\"https:\\\/\\\/www.pikoe.at\\\/en\\\/organization\\\/#breadcrumb\",\"itemListElement\":[{\"@type\":\"ListItem\",\"position\":1,\"name\":\"Startseite\",\"item\":\"https:\\\/\\\/www.pikoe.at\\\/en\\\/\"},{\"@type\":\"ListItem\",\"position\":2,\"name\":\"Organization\"}]},{\"@type\":\"WebSite\",\"@id\":\"https:\\\/\\\/www.pikoe.at\\\/en\\\/#website\",\"url\":\"https:\\\/\\\/www.pikoe.at\\\/en\\\/\",\"name\":\"PIK\u00d6\",\"description\":\"Plattform f\u00fcr interdisziplin\u00e4re Kinder- und Jugendgyn\u00e4kologie \u00d6sterreich\",\"publisher\":{\"@id\":\"https:\\\/\\\/www.pikoe.at\\\/en\\\/#organization\"},\"potentialAction\":[{\"@type\":\"SearchAction\",\"target\":{\"@type\":\"EntryPoint\",\"urlTemplate\":\"https:\\\/\\\/www.pikoe.at\\\/en\\\/?s={search_term_string}\"},\"query-input\":{\"@type\":\"PropertyValueSpecification\",\"valueRequired\":true,\"valueName\":\"search_term_string\"}}],\"inLanguage\":\"en-US\"},{\"@type\":\"Organization\",\"@id\":\"https:\\\/\\\/www.pikoe.at\\\/en\\\/#organization\",\"name\":\"PIK\u00d6 - Plattform f\u00fcr inter\u00ad\u00ad\u00addiszi\u00ad\u00ad\u00adplin\u00e4re Kinder- und Jugend\u00ad\u00ad\u00adgyn\u00e4kologie \u00d6sterreich\",\"url\":\"https:\\\/\\\/www.pikoe.at\\\/en\\\/\",\"logo\":{\"@type\":\"ImageObject\",\"inLanguage\":\"en-US\",\"@id\":\"https:\\\/\\\/www.pikoe.at\\\/en\\\/#\\\/schema\\\/logo\\\/image\\\/\",\"url\":\"https:\\\/\\\/www.pikoe.at\\\/wp-content\\\/uploads\\\/2017\\\/01\\\/logo_final.png\",\"contentUrl\":\"https:\\\/\\\/www.pikoe.at\\\/wp-content\\\/uploads\\\/2017\\\/01\\\/logo_final.png\",\"width\":200,\"height\":147,\"caption\":\"PIK\u00d6 - Plattform f\u00fcr inter\u00ad\u00ad\u00addiszi\u00ad\u00ad\u00adplin\u00e4re Kinder- und Jugend\u00ad\u00ad\u00adgyn\u00e4kologie \u00d6sterreich\"},\"image\":{\"@id\":\"https:\\\/\\\/www.pikoe.at\\\/en\\\/#\\\/schema\\\/logo\\\/image\\\/\"}}]}<\/script>\n<!-- \/ Yoast SEO plugin. -->","yoast_head_json":{"title":"Organization - PIK\u00d6","robots":{"index":"index","follow":"follow","max-snippet":"max-snippet:-1","max-image-preview":"max-image-preview:large","max-video-preview":"max-video-preview:-1"},"canonical":"https:\/\/www.pikoe.at\/en\/organization\/","og_locale":"en_US","og_type":"article","og_title":"Organization - PIK\u00d6","og_url":"https:\/\/www.pikoe.at\/en\/organization\/","og_site_name":"PIK\u00d6","article_modified_time":"2026-04-01T11:27:06+00:00","twitter_card":"summary_large_image","twitter_misc":{"Est. reading time":"6 minutes"},"schema":{"@context":"https:\/\/schema.org","@graph":[{"@type":"WebPage","@id":"https:\/\/www.pikoe.at\/en\/organization\/","url":"https:\/\/www.pikoe.at\/en\/organization\/","name":"Organization - PIK\u00d6","isPartOf":{"@id":"https:\/\/www.pikoe.at\/en\/#website"},"datePublished":"2021-03-08T16:27:55+00:00","dateModified":"2026-04-01T11:27:06+00:00","breadcrumb":{"@id":"https:\/\/www.pikoe.at\/en\/organization\/#breadcrumb"},"inLanguage":"en-US","potentialAction":[{"@type":"ReadAction","target":["https:\/\/www.pikoe.at\/en\/organization\/"]}]},{"@type":"BreadcrumbList","@id":"https:\/\/www.pikoe.at\/en\/organization\/#breadcrumb","itemListElement":[{"@type":"ListItem","position":1,"name":"Startseite","item":"https:\/\/www.pikoe.at\/en\/"},{"@type":"ListItem","position":2,"name":"Organization"}]},{"@type":"WebSite","@id":"https:\/\/www.pikoe.at\/en\/#website","url":"https:\/\/www.pikoe.at\/en\/","name":"PIK\u00d6","description":"Plattform f\u00fcr interdisziplin\u00e4re Kinder- und Jugendgyn\u00e4kologie \u00d6sterreich","publisher":{"@id":"https:\/\/www.pikoe.at\/en\/#organization"},"potentialAction":[{"@type":"SearchAction","target":{"@type":"EntryPoint","urlTemplate":"https:\/\/www.pikoe.at\/en\/?s={search_term_string}"},"query-input":{"@type":"PropertyValueSpecification","valueRequired":true,"valueName":"search_term_string"}}],"inLanguage":"en-US"},{"@type":"Organization","@id":"https:\/\/www.pikoe.at\/en\/#organization","name":"PIK\u00d6 - Plattform f\u00fcr inter\u00ad\u00ad\u00addiszi\u00ad\u00ad\u00adplin\u00e4re Kinder- und Jugend\u00ad\u00ad\u00adgyn\u00e4kologie \u00d6sterreich","url":"https:\/\/www.pikoe.at\/en\/","logo":{"@type":"ImageObject","inLanguage":"en-US","@id":"https:\/\/www.pikoe.at\/en\/#\/schema\/logo\/image\/","url":"https:\/\/www.pikoe.at\/wp-content\/uploads\/2017\/01\/logo_final.png","contentUrl":"https:\/\/www.pikoe.at\/wp-content\/uploads\/2017\/01\/logo_final.png","width":200,"height":147,"caption":"PIK\u00d6 - Plattform f\u00fcr inter\u00ad\u00ad\u00addiszi\u00ad\u00ad\u00adplin\u00e4re Kinder- und Jugend\u00ad\u00ad\u00adgyn\u00e4kologie \u00d6sterreich"},"image":{"@id":"https:\/\/www.pikoe.at\/en\/#\/schema\/logo\/image\/"}}]}},"_links":{"self":[{"href":"https:\/\/www.pikoe.at\/en\/wp-json\/wp\/v2\/pages\/8956","targetHints":{"allow":["GET"]}}],"collection":[{"href":"https:\/\/www.pikoe.at\/en\/wp-json\/wp\/v2\/pages"}],"about":[{"href":"https:\/\/www.pikoe.at\/en\/wp-json\/wp\/v2\/types\/page"}],"author":[{"embeddable":true,"href":"https:\/\/www.pikoe.at\/en\/wp-json\/wp\/v2\/users\/1"}],"replies":[{"embeddable":true,"href":"https:\/\/www.pikoe.at\/en\/wp-json\/wp\/v2\/comments?post=8956"}],"version-history":[{"count":34,"href":"https:\/\/www.pikoe.at\/en\/wp-json\/wp\/v2\/pages\/8956\/revisions"}],"predecessor-version":[{"id":12479,"href":"https:\/\/www.pikoe.at\/en\/wp-json\/wp\/v2\/pages\/8956\/revisions\/12479"}],"wp:attachment":[{"href":"https:\/\/www.pikoe.at\/en\/wp-json\/wp\/v2\/media?parent=8956"}],"curies":[{"name":"wp","href":"https:\/\/api.w.org\/{rel}","templated":true}]}}